{"id":864,"date":"2023-01-24T15:05:25","date_gmt":"2023-01-24T14:05:25","guid":{"rendered":"https:\/\/dev.everpress.everapps.dev\/?page_id=864"},"modified":"2025-10-15T10:22:27","modified_gmt":"2025-10-15T08:22:27","slug":"startseite-2","status":"publish","type":"page","link":"\/shop\/","title":{"rendered":"Startseite"},"content":{"rendered":"\n\t<div class=\"ep-content-dynamic  bg-light space \"><div class=\"row   default-start default-top\"><h1 class=\"col align-left\">Ihr leistungsstarker Partner  <span class=\"subline\">rund um bedarfsgerechten Sonnenschutzbau<\/span><\/h1><div class=\"col medium-6 \"><p>Rund um unsere Sicht- und\u00a0<strong>Sonnenschutzanlagen\u00a0<\/strong>in M\u00fclheim und Umgebung bieten wir Ihnen einen umfassenden Service, der keine W\u00fcnsche offenl\u00e4sst. Bei uns erhalten Sie alles aus einer Hand, wodurch Sie zu jeder Zeit nur einen einzigen Ansprechpartner haben. Vertrauen Sie auf allerh\u00f6chste Kompetenz, jahrelange Erfahrung und ein attraktives Rundum-sorglos-Paket, das diese Leistungen abdeckt:<\/p>\n<ul class=\"count-two\">\n<li>Kostenlose Vor-Ort-Beratung<\/li>\n<li>Planung<\/li>\n<li>Ausf\u00fchrung<\/li>\n<li>Montage<\/li>\n<li>Vertrieb<\/li>\n<li>Wartungs- und Reparaturarbeiten<\/li>\n<\/ul>\n<\/div><div class=\"col medium-6 \"><p>Wir r\u00fcsten \u00fcbrigens auch bestehende Anlagen mit Motoren auf und integrieren Ihren Sicht- und Sonnenschutz in Ihr Smarthome. Steuern Sie Ihre Anlage so ganz einfach u.a. per Tablet oder Smartphone von unterwegs.<\/p>\n<p>Sie m\u00f6chten sich unverbindlich zu Ihren M\u00f6glichkeiten im Sonnenschutzbau beraten lassen? Dann rufen Sie uns unter der 0208 \/ 760 884 an oder schreiben Sie uns eine Nachricht \u00fcber unser <a href=\"\/shop\/kontakt\/\">Kontaktformular<\/a>!<\/p>\n<div class=\"buttonContainer\"><\/div><\/div><\/div><\/div>\n\t\n\n\n<div class=\"ep-products-teaser  bg-medium space\">\n<div class=\"row\">\n\n\t\n\t<div class=\"col ep-title-container\"><h2>Unsere aktuellen Produkte &#8211;  <span class=\"subline\">werden Sie jetzt f\u00fcndig<\/span><\/h2><a title=\"Sonnenschutzanlagen Lang | M\u00fclheim aus M\u00fclheim an der Ruhr  | Unsere Produkte\" class=\"btn weight-bold icon icon-after-arrow-right margin-bottom\" target=\"_self\" href=\"\/shop\/unsere-produkte\/\">Unseren Shop ansehen<\/a><\/div>\n\n\t<div class=\"col\">\n\t\t<ul class=\"ep-teaser-tiles products margin-bottom  catalog\"><li class=\"product type-product post-6524 status-publish first instock product_cat-fenstermarkisen product_cat-markisen has-post-thumbnail shipping-taxable purchasable product-type-simple\">\n\t<a title=\"Varisol F513 Kubische Senkrechtmarkise mit Zip\" href=\"\/shop\/produkt\/varisol-f513-kubische-senkrechtmarkise-mit-zip\/\" class=\"woocommerce-LoopProduct-link woocommerce-loop-product__link\" aria-label=\"Produkt \u00f6ffnen \u2013 Varisol F513 Kubische Senkrechtmarkise mit Zip\" data-tooltip=\"focus\"><\/a><img loading=\"lazy\" decoding=\"async\" width=\"300\" height=\"300\" src=\"\/shop\/wp-content\/uploads\/2025\/09\/108412varisolf513gross-300x300.jpg\" class=\"attachment-woocommerce_thumbnail size-woocommerce_thumbnail\" alt=\"Varisol F513 Kubische Senkrechtmarkise mit Zip\" srcset=\"\/shop\/wp-content\/uploads\/2025\/09\/108412varisolf513gross-300x300.jpg 300w, \/shop\/wp-content\/uploads\/2025\/09\/108412varisolf513gross-150x150.jpg 150w, \/shop\/wp-content\/uploads\/2025\/09\/108412varisolf513gross-768x768.jpg 768w, \/shop\/wp-content\/uploads\/2025\/09\/108412varisolf513gross-480x480.jpg 480w, \/shop\/wp-content\/uploads\/2025\/09\/108412varisolf513gross-760x760.jpg 760w, \/shop\/wp-content\/uploads\/2025\/09\/108412varisolf513gross-600x600.jpg 600w, \/shop\/wp-content\/uploads\/2025\/09\/108412varisolf513gross-100x100.jpg 100w, \/shop\/wp-content\/uploads\/2025\/09\/108412varisolf513gross.jpg 1000w\" sizes=\"auto, (max-width: 300px) 100vw, 300px\" \/><h2 class=\"woocommerce-loop-product__title\">Varisol F513 Kubische Senkrechtmarkise mit Zip<\/h2>\n\n<div class=\"product-info-container\"><\/div><div class=\"mark-container\"><mark class=\"mark-link\"><a href=\"\/shop\/produkt-kategorie\/markisen\/fenstermarkisen\/\" title=\"Gehe zu Fenstermarkisen\">Fenstermarkisen<\/a><\/mark><mark class=\"mark-link\"><a href=\"\/shop\/produkt-kategorie\/markisen\/\" title=\"Gehe zu Markisen\">Markisen<\/a><\/mark><\/div><a class=\"btn\" tabindex=\"0\" title=\"Zur Wunschliste hinzuf\u00fcgen\" data-text-add=\"Zur Wunschliste hinzuf\u00fcgen\" data-text-remove=\"Entfernen\" data-wishlist=\"6524\">Zur Wunschliste hinzuf\u00fcgen<\/a>\n\n\n\n\n\n<a href=\"\/shop\/wp-json\/wp\/v2\/pages\/864?add-to-cart=6524\" aria-describedby=\"woocommerce_loop_add_to_cart_link_describedby_6524\" data-quantity=\"1\" class=\"button product_type_simple add_to_cart_button ajax_add_to_cart\" data-product_id=\"6524\" data-product_sku=\"\" aria-label=\"In den Warenkorb legen: \u201eVarisol F513 Kubische Senkrechtmarkise mit Zip\u201c\" rel=\"nofollow\" data-success_message=\"\u201eVarisol F513 Kubische Senkrechtmarkise mit Zip\u201c wurde Ihrem Warenkorb hinzugef\u00fcgt\" data-product-name=\"Varisol F513 Kubische Senkrechtmarkise mit Zip\" title=\"Zur Anfrageliste hinzuf\u00fcgen\" role=\"button\">Zur Anfrageliste hinzuf\u00fcgen<\/a>\t<span id=\"woocommerce_loop_add_to_cart_link_describedby_6524\" class=\"screen-reader-text\">\n\t\t\t<\/span>\n<\/li>\n<li class=\"product type-product post-6521 status-publish instock product_cat-fenstermarkisen product_cat-markisen has-post-thumbnail shipping-taxable purchasable product-type-simple\">\n\t<a title=\"Varisol F431 Markisolette\" href=\"\/shop\/produkt\/varisol-f431-markisolette\/\" class=\"woocommerce-LoopProduct-link woocommerce-loop-product__link\" aria-label=\"Produkt \u00f6ffnen \u2013 Varisol F431 Markisolette\" data-tooltip=\"focus\"><\/a><img loading=\"lazy\" decoding=\"async\" width=\"300\" height=\"300\" src=\"\/shop\/wp-content\/uploads\/2025\/09\/816792varisolf431gross-300x300.jpg\" class=\"attachment-woocommerce_thumbnail size-woocommerce_thumbnail\" alt=\"Varisol F431 Markisolette\" srcset=\"\/shop\/wp-content\/uploads\/2025\/09\/816792varisolf431gross-300x300.jpg 300w, \/shop\/wp-content\/uploads\/2025\/09\/816792varisolf431gross-150x150.jpg 150w, \/shop\/wp-content\/uploads\/2025\/09\/816792varisolf431gross-768x768.jpg 768w, \/shop\/wp-content\/uploads\/2025\/09\/816792varisolf431gross-480x480.jpg 480w, \/shop\/wp-content\/uploads\/2025\/09\/816792varisolf431gross-760x760.jpg 760w, \/shop\/wp-content\/uploads\/2025\/09\/816792varisolf431gross-600x600.jpg 600w, \/shop\/wp-content\/uploads\/2025\/09\/816792varisolf431gross-100x100.jpg 100w, \/shop\/wp-content\/uploads\/2025\/09\/816792varisolf431gross.jpg 1000w\" sizes=\"auto, (max-width: 300px) 100vw, 300px\" \/><h2 class=\"woocommerce-loop-product__title\">Varisol F431 Markisolette<\/h2>\n\n<div class=\"product-info-container\"><\/div><div class=\"mark-container\"><mark class=\"mark-link\"><a href=\"\/shop\/produkt-kategorie\/markisen\/fenstermarkisen\/\" title=\"Gehe zu Fenstermarkisen\">Fenstermarkisen<\/a><\/mark><mark class=\"mark-link\"><a href=\"\/shop\/produkt-kategorie\/markisen\/\" title=\"Gehe zu Markisen\">Markisen<\/a><\/mark><\/div><a class=\"btn\" tabindex=\"0\" title=\"Zur Wunschliste hinzuf\u00fcgen\" data-text-add=\"Zur Wunschliste hinzuf\u00fcgen\" data-text-remove=\"Entfernen\" data-wishlist=\"6521\">Zur Wunschliste hinzuf\u00fcgen<\/a>\n\n\n\n\n\n<a href=\"\/shop\/wp-json\/wp\/v2\/pages\/864?add-to-cart=6521\" aria-describedby=\"woocommerce_loop_add_to_cart_link_describedby_6521\" data-quantity=\"1\" class=\"button product_type_simple add_to_cart_button ajax_add_to_cart\" data-product_id=\"6521\" data-product_sku=\"\" aria-label=\"In den Warenkorb legen: \u201eVarisol F431 Markisolette\u201c\" rel=\"nofollow\" data-success_message=\"\u201eVarisol F431 Markisolette\u201c wurde Ihrem Warenkorb hinzugef\u00fcgt\" data-product-name=\"Varisol F431 Markisolette\" title=\"Zur Anfrageliste hinzuf\u00fcgen\" role=\"button\">Zur Anfrageliste hinzuf\u00fcgen<\/a>\t<span id=\"woocommerce_loop_add_to_cart_link_describedby_6521\" class=\"screen-reader-text\">\n\t\t\t<\/span>\n<\/li>\n<li class=\"product type-product post-6518 status-publish last instock product_cat-fenstermarkisen product_cat-markisen has-post-thumbnail shipping-taxable purchasable product-type-simple\">\n\t<a title=\"Varisol F421 \/ F422 Fallarmmarkisen\" href=\"\/shop\/produkt\/varisol-f421-f422-fallarmmarkisen\/\" class=\"woocommerce-LoopProduct-link woocommerce-loop-product__link\" aria-label=\"Produkt \u00f6ffnen \u2013 Varisol F421 \/ F422 Fallarmmarkisen\" data-tooltip=\"focus\"><\/a><img loading=\"lazy\" decoding=\"async\" width=\"300\" height=\"300\" src=\"\/shop\/wp-content\/uploads\/2025\/09\/image-3-300x300.jpg\" class=\"attachment-woocommerce_thumbnail size-woocommerce_thumbnail\" alt=\"Varisol F421 \/ F422 Fallarmmarkisen\" srcset=\"\/shop\/wp-content\/uploads\/2025\/09\/image-3-300x300.jpg 300w, \/shop\/wp-content\/uploads\/2025\/09\/image-3-150x150.jpg 150w, \/shop\/wp-content\/uploads\/2025\/09\/image-3-100x100.jpg 100w\" sizes=\"auto, (max-width: 300px) 100vw, 300px\" \/><h2 class=\"woocommerce-loop-product__title\">Varisol F421 \/ F422 Fallarmmarkisen<\/h2>\n\n<div class=\"product-info-container\"><\/div><div class=\"mark-container\"><mark class=\"mark-link\"><a href=\"\/shop\/produkt-kategorie\/markisen\/fenstermarkisen\/\" title=\"Gehe zu Fenstermarkisen\">Fenstermarkisen<\/a><\/mark><mark class=\"mark-link\"><a href=\"\/shop\/produkt-kategorie\/markisen\/\" title=\"Gehe zu Markisen\">Markisen<\/a><\/mark><\/div><a class=\"btn\" tabindex=\"0\" title=\"Zur Wunschliste hinzuf\u00fcgen\" data-text-add=\"Zur Wunschliste hinzuf\u00fcgen\" data-text-remove=\"Entfernen\" data-wishlist=\"6518\">Zur Wunschliste hinzuf\u00fcgen<\/a>\n\n\n\n\n\n<a href=\"\/shop\/wp-json\/wp\/v2\/pages\/864?add-to-cart=6518\" aria-describedby=\"woocommerce_loop_add_to_cart_link_describedby_6518\" data-quantity=\"1\" class=\"button product_type_simple add_to_cart_button ajax_add_to_cart\" data-product_id=\"6518\" data-product_sku=\"\" aria-label=\"In den Warenkorb legen: \u201eVarisol F421 \/ F422 Fallarmmarkisen\u201c\" rel=\"nofollow\" data-success_message=\"\u201eVarisol F421 \/ F422 Fallarmmarkisen\u201c wurde Ihrem Warenkorb hinzugef\u00fcgt\" data-product-name=\"Varisol F421 \/ F422 Fallarmmarkisen\" title=\"Zur Anfrageliste hinzuf\u00fcgen\" role=\"button\">Zur Anfrageliste hinzuf\u00fcgen<\/a>\t<span id=\"woocommerce_loop_add_to_cart_link_describedby_6518\" class=\"screen-reader-text\">\n\t\t\t<\/span>\n<\/li>\n<li class=\"product type-product post-6515 status-publish first instock product_cat-fenstermarkisen product_cat-markisen has-post-thumbnail shipping-taxable purchasable product-type-simple\">\n\t<a title=\"Varisol F413 Senkrechtmarkise mit Zip\" href=\"\/shop\/produkt\/varisol-f413-senkrechtmarkise-mit-zip\/\" class=\"woocommerce-LoopProduct-link woocommerce-loop-product__link\" aria-label=\"Produkt \u00f6ffnen \u2013 Varisol F413 Senkrechtmarkise mit Zip\" data-tooltip=\"focus\"><\/a><img loading=\"lazy\" decoding=\"async\" width=\"300\" height=\"300\" src=\"\/shop\/wp-content\/uploads\/2025\/09\/932255varisolf413gross-300x300.jpg\" class=\"attachment-woocommerce_thumbnail size-woocommerce_thumbnail\" alt=\"Varisol F413 Senkrechtmarkise mit Zip\" srcset=\"\/shop\/wp-content\/uploads\/2025\/09\/932255varisolf413gross-300x300.jpg 300w, \/shop\/wp-content\/uploads\/2025\/09\/932255varisolf413gross-150x150.jpg 150w, \/shop\/wp-content\/uploads\/2025\/09\/932255varisolf413gross-768x768.jpg 768w, \/shop\/wp-content\/uploads\/2025\/09\/932255varisolf413gross-480x480.jpg 480w, \/shop\/wp-content\/uploads\/2025\/09\/932255varisolf413gross-760x760.jpg 760w, \/shop\/wp-content\/uploads\/2025\/09\/932255varisolf413gross-600x600.jpg 600w, \/shop\/wp-content\/uploads\/2025\/09\/932255varisolf413gross-100x100.jpg 100w, \/shop\/wp-content\/uploads\/2025\/09\/932255varisolf413gross.jpg 1000w\" sizes=\"auto, (max-width: 300px) 100vw, 300px\" \/><h2 class=\"woocommerce-loop-product__title\">Varisol F413 Senkrechtmarkise mit Zip<\/h2>\n\n<div class=\"product-info-container\"><\/div><div class=\"mark-container\"><mark class=\"mark-link\"><a href=\"\/shop\/produkt-kategorie\/markisen\/fenstermarkisen\/\" title=\"Gehe zu Fenstermarkisen\">Fenstermarkisen<\/a><\/mark><mark class=\"mark-link\"><a href=\"\/shop\/produkt-kategorie\/markisen\/\" title=\"Gehe zu Markisen\">Markisen<\/a><\/mark><\/div><a class=\"btn\" tabindex=\"0\" title=\"Zur Wunschliste hinzuf\u00fcgen\" data-text-add=\"Zur Wunschliste hinzuf\u00fcgen\" data-text-remove=\"Entfernen\" data-wishlist=\"6515\">Zur Wunschliste hinzuf\u00fcgen<\/a>\n\n\n\n\n\n<a href=\"\/shop\/wp-json\/wp\/v2\/pages\/864?add-to-cart=6515\" aria-describedby=\"woocommerce_loop_add_to_cart_link_describedby_6515\" data-quantity=\"1\" class=\"button product_type_simple add_to_cart_button ajax_add_to_cart\" data-product_id=\"6515\" data-product_sku=\"\" aria-label=\"In den Warenkorb legen: \u201eVarisol F413 Senkrechtmarkise mit Zip\u201c\" rel=\"nofollow\" data-success_message=\"\u201eVarisol F413 Senkrechtmarkise mit Zip\u201c wurde Ihrem Warenkorb hinzugef\u00fcgt\" data-product-name=\"Varisol F413 Senkrechtmarkise mit Zip\" title=\"Zur Anfrageliste hinzuf\u00fcgen\" role=\"button\">Zur Anfrageliste hinzuf\u00fcgen<\/a>\t<span id=\"woocommerce_loop_add_to_cart_link_describedby_6515\" class=\"screen-reader-text\">\n\t\t\t<\/span>\n<\/li>\n<li class=\"product type-product post-6512 status-publish instock product_cat-fenstermarkisen product_cat-markisen has-post-thumbnail shipping-taxable purchasable product-type-simple\">\n\t<a title=\"Varisol F411 \/ F412 Senkrechtmarkise mit Seil- oder Schienenf\u00fchrung\" href=\"\/shop\/produkt\/varisol-f411-f412-senkrechtmarkise-mit-seil-oder-schienenfuehrung\/\" class=\"woocommerce-LoopProduct-link woocommerce-loop-product__link\" aria-label=\"Produkt \u00f6ffnen \u2013 Varisol F411 \/ F412 Senkrechtmarkise mit Seil- oder Schienenf\u00fchrung\" data-tooltip=\"focus\"><\/a><img loading=\"lazy\" decoding=\"async\" width=\"300\" height=\"300\" src=\"\/shop\/wp-content\/uploads\/2025\/09\/517566varisolf4112gross-300x300.jpg\" class=\"attachment-woocommerce_thumbnail size-woocommerce_thumbnail\" alt=\"Varisol F411 \/ F412 Senkrechtmarkise mit Seil- oder Schienenf\u00fchrung\" srcset=\"\/shop\/wp-content\/uploads\/2025\/09\/517566varisolf4112gross-300x300.jpg 300w, \/shop\/wp-content\/uploads\/2025\/09\/517566varisolf4112gross-150x150.jpg 150w, \/shop\/wp-content\/uploads\/2025\/09\/517566varisolf4112gross-768x768.jpg 768w, \/shop\/wp-content\/uploads\/2025\/09\/517566varisolf4112gross-480x480.jpg 480w, \/shop\/wp-content\/uploads\/2025\/09\/517566varisolf4112gross-760x760.jpg 760w, \/shop\/wp-content\/uploads\/2025\/09\/517566varisolf4112gross-600x600.jpg 600w, \/shop\/wp-content\/uploads\/2025\/09\/517566varisolf4112gross-100x100.jpg 100w, \/shop\/wp-content\/uploads\/2025\/09\/517566varisolf4112gross.jpg 1000w\" sizes=\"auto, (max-width: 300px) 100vw, 300px\" \/><h2 class=\"woocommerce-loop-product__title\">Varisol F411 \/ F412 Senkrechtmarkise mit Seil- oder Schienenf\u00fchrung<\/h2>\n\n<div class=\"product-info-container\"><\/div><div class=\"mark-container\"><mark class=\"mark-link\"><a href=\"\/shop\/produkt-kategorie\/markisen\/fenstermarkisen\/\" title=\"Gehe zu Fenstermarkisen\">Fenstermarkisen<\/a><\/mark><mark class=\"mark-link\"><a href=\"\/shop\/produkt-kategorie\/markisen\/\" title=\"Gehe zu Markisen\">Markisen<\/a><\/mark><\/div><a class=\"btn\" tabindex=\"0\" title=\"Zur Wunschliste hinzuf\u00fcgen\" data-text-add=\"Zur Wunschliste hinzuf\u00fcgen\" data-text-remove=\"Entfernen\" data-wishlist=\"6512\">Zur Wunschliste hinzuf\u00fcgen<\/a>\n\n\n\n\n\n<a href=\"\/shop\/wp-json\/wp\/v2\/pages\/864?add-to-cart=6512\" aria-describedby=\"woocommerce_loop_add_to_cart_link_describedby_6512\" data-quantity=\"1\" class=\"button product_type_simple add_to_cart_button ajax_add_to_cart\" data-product_id=\"6512\" data-product_sku=\"\" aria-label=\"In den Warenkorb legen: \u201eVarisol F411 \/ F412 Senkrechtmarkise mit Seil- oder Schienenf\u00fchrung\u201c\" rel=\"nofollow\" data-success_message=\"\u201eVarisol F411 \/ F412 Senkrechtmarkise mit Seil- oder Schienenf\u00fchrung\u201c wurde Ihrem Warenkorb hinzugef\u00fcgt\" data-product-name=\"Varisol F411 \/ F412 Senkrechtmarkise mit Seil- oder Schienenf\u00fchrung\" title=\"Zur Anfrageliste hinzuf\u00fcgen\" role=\"button\">Zur Anfrageliste hinzuf\u00fcgen<\/a>\t<span id=\"woocommerce_loop_add_to_cart_link_describedby_6512\" class=\"screen-reader-text\">\n\t\t\t<\/span>\n<\/li>\n<li class=\"product type-product post-6509 status-publish last instock product_cat-fenstermarkisen product_cat-markisen has-post-thumbnail shipping-taxable purchasable product-type-simple\">\n\t<a title=\"Varisol F213 Kubische Mini-Senkrechtmarkise mit Zip\" href=\"\/shop\/produkt\/varisol-f213-kubische-mini-senkrechtmarkise-mit-zip\/\" class=\"woocommerce-LoopProduct-link woocommerce-loop-product__link\" aria-label=\"Produkt \u00f6ffnen \u2013 Varisol F213 Kubische Mini-Senkrechtmarkise mit Zip\" data-tooltip=\"focus\"><\/a><img loading=\"lazy\" decoding=\"async\" width=\"300\" height=\"300\" src=\"\/shop\/wp-content\/uploads\/2025\/09\/188259f213-1000x1000-1-300x300.jpg\" class=\"attachment-woocommerce_thumbnail size-woocommerce_thumbnail\" alt=\"F213 - Kubische Mini-Senkrechtmarkise\" srcset=\"\/shop\/wp-content\/uploads\/2025\/09\/188259f213-1000x1000-1-300x300.jpg 300w, \/shop\/wp-content\/uploads\/2025\/09\/188259f213-1000x1000-1-150x150.jpg 150w, \/shop\/wp-content\/uploads\/2025\/09\/188259f213-1000x1000-1-768x768.jpg 768w, \/shop\/wp-content\/uploads\/2025\/09\/188259f213-1000x1000-1-480x480.jpg 480w, \/shop\/wp-content\/uploads\/2025\/09\/188259f213-1000x1000-1-760x760.jpg 760w, \/shop\/wp-content\/uploads\/2025\/09\/188259f213-1000x1000-1-600x600.jpg 600w, \/shop\/wp-content\/uploads\/2025\/09\/188259f213-1000x1000-1-100x100.jpg 100w, \/shop\/wp-content\/uploads\/2025\/09\/188259f213-1000x1000-1.jpg 1000w\" sizes=\"auto, (max-width: 300px) 100vw, 300px\" \/><h2 class=\"woocommerce-loop-product__title\">Varisol F213 Kubische Mini-Senkrechtmarkise mit Zip<\/h2>\n\n<div class=\"product-info-container\"><\/div><div class=\"mark-container\"><mark class=\"mark-link\"><a href=\"\/shop\/produkt-kategorie\/markisen\/fenstermarkisen\/\" title=\"Gehe zu Fenstermarkisen\">Fenstermarkisen<\/a><\/mark><mark class=\"mark-link\"><a href=\"\/shop\/produkt-kategorie\/markisen\/\" title=\"Gehe zu Markisen\">Markisen<\/a><\/mark><\/div><a class=\"btn\" tabindex=\"0\" title=\"Zur Wunschliste hinzuf\u00fcgen\" data-text-add=\"Zur Wunschliste hinzuf\u00fcgen\" data-text-remove=\"Entfernen\" data-wishlist=\"6509\">Zur Wunschliste hinzuf\u00fcgen<\/a>\n\n\n\n\n\n<a href=\"\/shop\/wp-json\/wp\/v2\/pages\/864?add-to-cart=6509\" aria-describedby=\"woocommerce_loop_add_to_cart_link_describedby_6509\" data-quantity=\"1\" class=\"button product_type_simple add_to_cart_button ajax_add_to_cart\" data-product_id=\"6509\" data-product_sku=\"\" aria-label=\"In den Warenkorb legen: \u201eVarisol F213 Kubische Mini-Senkrechtmarkise mit Zip\u201c\" rel=\"nofollow\" data-success_message=\"\u201eVarisol F213 Kubische Mini-Senkrechtmarkise mit Zip\u201c wurde Ihrem Warenkorb hinzugef\u00fcgt\" data-product-name=\"Varisol F213 Kubische Mini-Senkrechtmarkise mit Zip\" title=\"Zur Anfrageliste hinzuf\u00fcgen\" role=\"button\">Zur Anfrageliste hinzuf\u00fcgen<\/a>\t<span id=\"woocommerce_loop_add_to_cart_link_describedby_6509\" class=\"screen-reader-text\">\n\t\t\t<\/span>\n<\/li>\n<li class=\"product type-product post-6504 status-publish first instock product_cat-fenstermarkisen product_cat-markisen has-post-thumbnail shipping-taxable purchasable product-type-simple\">\n\t<a title=\"Varisol F100 Schlanke Senkrechtmarkise\" href=\"\/shop\/produkt\/varisol-f100-schlanke-senkrechtmarkise\/\" class=\"woocommerce-LoopProduct-link woocommerce-loop-product__link\" aria-label=\"Produkt \u00f6ffnen \u2013 Varisol F100 Schlanke Senkrechtmarkise\" data-tooltip=\"focus\"><\/a><img loading=\"lazy\" decoding=\"async\" width=\"300\" height=\"300\" src=\"\/shop\/wp-content\/uploads\/2025\/09\/704303varisolf100schienekastenseitenkappegross-300x300.jpg\" class=\"attachment-woocommerce_thumbnail size-woocommerce_thumbnail\" alt=\"Varisol F100 Schlanke Senkrechtmarkise\" srcset=\"\/shop\/wp-content\/uploads\/2025\/09\/704303varisolf100schienekastenseitenkappegross-300x300.jpg 300w, \/shop\/wp-content\/uploads\/2025\/09\/704303varisolf100schienekastenseitenkappegross-150x150.jpg 150w, \/shop\/wp-content\/uploads\/2025\/09\/704303varisolf100schienekastenseitenkappegross-768x768.jpg 768w, \/shop\/wp-content\/uploads\/2025\/09\/704303varisolf100schienekastenseitenkappegross-480x480.jpg 480w, \/shop\/wp-content\/uploads\/2025\/09\/704303varisolf100schienekastenseitenkappegross-760x760.jpg 760w, \/shop\/wp-content\/uploads\/2025\/09\/704303varisolf100schienekastenseitenkappegross-600x600.jpg 600w, \/shop\/wp-content\/uploads\/2025\/09\/704303varisolf100schienekastenseitenkappegross-100x100.jpg 100w, \/shop\/wp-content\/uploads\/2025\/09\/704303varisolf100schienekastenseitenkappegross.jpg 1000w\" sizes=\"auto, (max-width: 300px) 100vw, 300px\" \/><h2 class=\"woocommerce-loop-product__title\">Varisol F100 Schlanke Senkrechtmarkise<\/h2>\n\n<div class=\"product-info-container\"><\/div><div class=\"mark-container\"><mark class=\"mark-link\"><a href=\"\/shop\/produkt-kategorie\/markisen\/fenstermarkisen\/\" title=\"Gehe zu Fenstermarkisen\">Fenstermarkisen<\/a><\/mark><mark class=\"mark-link\"><a href=\"\/shop\/produkt-kategorie\/markisen\/\" title=\"Gehe zu Markisen\">Markisen<\/a><\/mark><\/div><a class=\"btn\" tabindex=\"0\" title=\"Zur Wunschliste hinzuf\u00fcgen\" data-text-add=\"Zur Wunschliste hinzuf\u00fcgen\" data-text-remove=\"Entfernen\" data-wishlist=\"6504\">Zur Wunschliste hinzuf\u00fcgen<\/a>\n\n\n\n\n\n<a href=\"\/shop\/wp-json\/wp\/v2\/pages\/864?add-to-cart=6504\" aria-describedby=\"woocommerce_loop_add_to_cart_link_describedby_6504\" data-quantity=\"1\" class=\"button product_type_simple add_to_cart_button ajax_add_to_cart\" data-product_id=\"6504\" data-product_sku=\"\" aria-label=\"In den Warenkorb legen: \u201eVarisol F100 Schlanke Senkrechtmarkise\u201c\" rel=\"nofollow\" data-success_message=\"\u201eVarisol F100 Schlanke Senkrechtmarkise\u201c wurde Ihrem Warenkorb hinzugef\u00fcgt\" data-product-name=\"Varisol F100 Schlanke Senkrechtmarkise\" title=\"Zur Anfrageliste hinzuf\u00fcgen\" role=\"button\">Zur Anfrageliste hinzuf\u00fcgen<\/a>\t<span id=\"woocommerce_loop_add_to_cart_link_describedby_6504\" class=\"screen-reader-text\">\n\t\t\t<\/span>\n<\/li>\n<\/ul><\/div>\n\n<\/div>\n<\/div>\n\n\t\n\n\n\t\n\n\t<div class=\"ep-block-categories-teaser ep-kategorie-teaser bg-dark space\">\n\t\t<div class=\"row\">\n\n\t\t\t\n\t\t\t<div class=\"col ep-title-container\"><h2>Unsere Produktkategorien  <span class=\"subline\"><\/span><\/h2><a title=\"Sonnenschutzanlagen Lang | M\u00fclheim aus M\u00fclheim an der Ruhr  | Unsere Produkte\" class=\"btn weight-bold icon icon-after-arrow-right margin-bottom\" target=\"_self\" href=\"\/shop\/unsere-produkte\/\">Alle Kategorien ansehen<\/a><\/div>\n\t\n\t\t\t\t\t\t\t<div class=\"col\">\n\t\t\t\t\t\t\t\t\t<\/div>\n\t\t\t\t\n\t\t<\/div>\n\t<\/div>\n\n\t","protected":false},"excerpt":{"rendered":"","protected":false},"author":1,"featured_media":0,"parent":0,"menu_order":0,"comment_status":"closed","ping_status":"closed","template":"","meta":{"_acf_changed":false,"footnotes":""},"class_list":["post-864","page","type-page","status-publish","hentry"],"acf":[],"_links":{"self":[{"href":"\/shop\/wp-json\/wp\/v2\/pages\/864","targetHints":{"allow":["GET"]}}],"collection":[{"href":"\/shop\/wp-json\/wp\/v2\/pages"}],"about":[{"href":"\/shop\/wp-json\/wp\/v2\/types\/page"}],"author":[{"embeddable":true,"href":"\/shop\/wp-json\/wp\/v2\/users\/1"}],"replies":[{"embeddable":true,"href":"\/shop\/wp-json\/wp\/v2\/comments?post=864"}],"version-history":[{"count":5,"href":"\/shop\/wp-json\/wp\/v2\/pages\/864\/revisions"}],"predecessor-version":[{"id":6649,"href":"\/shop\/wp-json\/wp\/v2\/pages\/864\/revisions\/6649"}],"wp:attachment":[{"href":"\/shop\/wp-json\/wp\/v2\/media?parent=864"}],"curies":[{"name":"wp","href":"https:\/\/api.w.org\/{rel}","templated":true}]}}