{"id":6480,"date":"2025-09-18T14:42:48","date_gmt":"2025-09-18T12:42:48","guid":{"rendered":"https:\/\/www.sonnenschutz-lang.com\/shop\/?post_type=product&#038;p=6480"},"modified":"2025-09-22T10:27:12","modified_gmt":"2025-09-22T08:27:12","slug":"varisol-w550-grosse-wintergartenmarkise","status":"publish","type":"product","link":"\/shop\/produkt\/varisol-w550-grosse-wintergartenmarkise\/","title":{"rendered":"Varisol W550 Gro\u00dfe Wintergartenmarkise"},"content":{"rendered":"<p class=\"h4\"><strong>Witterungsschutz f\u00fcr\u2019s Tuch<\/strong><\/p>\n<p class=\"margin-bottom\"><strong>Der Markisenkasten<\/strong> besitzt ein verl\u00e4ngertes Kastendach, das das hintere Ende der Fallstange im eingefahrenen Zustand verdeckt. Der Kasten wird bei der Montage auf die F\u00fchrungsschienen aufgesetzt und braucht keine Befestigung.<\/p>\n<p class=\"h4\"><strong>Extra-Lauf f\u00fcr beste Spannung<\/strong><\/p>\n<p class=\"margin-bottom\"><strong>In der Zip-F\u00fchrungsschiene<\/strong> verl\u00e4uft ein spezielles F\u00fchrungsprofil aus glasfaserverst\u00e4rktem Kunststoff. Darin wird der seitlich am Markisentuch fixierte Rei\u00dfverschluss sicher \u00fcber die gesamte L\u00e4nge gef\u00fchrt und gespannt.<\/p>\n<p class=\"h4\"><strong>W550 Merkmale<\/strong><\/p>\n<ul class=\"styled-list margin-bottom\">\n<li>Tuchfl\u00e4che bis 39 m\u00b2<\/li>\n<li>Maximal zwei Elemente kuppelbar<\/li>\n<li>10 Gestellfarben zur Auswahl<\/li>\n<li>Optimale Tuchspannung durch Varisol-Spannsystem<\/li>\n<li>Ger\u00e4uscharmer Betrieb<\/li>\n<\/ul>\n<p class=\"h4\"><strong>W550 Optionen<\/strong><\/p>\n<ul class=\"styled-list margin-bottom\">\n<li>Zip-Rei\u00dfverschlusssystem f\u00fcr l\u00fcckenlose Beschattung<\/li>\n<li>Markisengestell in Wunschfarbe<\/li>\n<li>Funkmotor-Bedienung per Handsender<\/li>\n<li>SOMFY Sonnen- und Windw\u00e4chter<\/li>\n<li>Wetterstation Elsner Solexa<\/li>\n<\/ul>\n","protected":false},"excerpt":{"rendered":"<h3>Voller Schutz auf breiter Front<\/h3>\n<p><strong>Die Gro\u00dfe Wintergartenmarkise W550<\/strong> bietet beste Beschattung f\u00fcr gro\u00dfz\u00fcgige Winterg\u00e4rten \u2013 damit Sie Ihren Wintergarten auch an sonnigen Sommertagen uneingeschr\u00e4nkt genie\u00dfen k\u00f6nnen. Selbst Fl\u00e4chen von 78 Quadratmetern sind mit der W550 bei gekuppelten Anlagen leicht umsetzbar. Ein spezielles Spannsystem sorgt bei ausgefahrener Markise f\u00fcr beste Tuchspannung und optimales Aufrollen des Tuches.<\/p>\n","protected":false},"featured_media":6483,"comment_status":"closed","ping_status":"closed","template":"","meta":{"_acf_changed":false},"product_brand":[],"product_cat":[297,308],"product_tag":[],"class_list":{"0":"post-6480","1":"product","2":"type-product","3":"status-publish","4":"has-post-thumbnail","6":"product_cat-markisen","7":"product_cat-wintergartenmarkise","9":"first","10":"instock","11":"shipping-taxable","12":"purchasable","13":"product-type-simple"},"acf":[],"_links":{"self":[{"href":"\/shop\/wp-json\/wp\/v2\/product\/6480","targetHints":{"allow":["GET"]}}],"collection":[{"href":"\/shop\/wp-json\/wp\/v2\/product"}],"about":[{"href":"\/shop\/wp-json\/wp\/v2\/types\/product"}],"replies":[{"embeddable":true,"href":"\/shop\/wp-json\/wp\/v2\/comments?post=6480"}],"wp:featuredmedia":[{"embeddable":true,"href":"\/shop\/wp-json\/wp\/v2\/media\/6483"}],"wp:attachment":[{"href":"\/shop\/wp-json\/wp\/v2\/media?parent=6480"}],"wp:term":[{"taxonomy":"product_brand","embeddable":true,"href":"\/shop\/wp-json\/wp\/v2\/product_brand?post=6480"},{"taxonomy":"product_cat","embeddable":true,"href":"\/shop\/wp-json\/wp\/v2\/product_cat?post=6480"},{"taxonomy":"product_tag","embeddable":true,"href":"\/shop\/wp-json\/wp\/v2\/product_tag?post=6480"}],"curies":[{"name":"wp","href":"https:\/\/api.w.org\/{rel}","templated":true}]}}