{"id":6504,"date":"2025-09-18T15:07:49","date_gmt":"2025-09-18T13:07:49","guid":{"rendered":"https:\/\/www.sonnenschutz-lang.com\/shop\/?post_type=product&#038;p=6504"},"modified":"2025-09-22T10:37:43","modified_gmt":"2025-09-22T08:37:43","slug":"varisol-f100-schlanke-senkrechtmarkise","status":"publish","type":"product","link":"\/shop\/produkt\/varisol-f100-schlanke-senkrechtmarkise\/","title":{"rendered":"Varisol F100 Schlanke Senkrechtmarkise"},"content":{"rendered":"<p class=\"h4\"><strong>Sinnvoll minimalistisch<\/strong><\/p>\n<p class=\"margin-bottom\"><strong>Entlang der seitlichen Seilf\u00fchrung<\/strong> gleitet die leichte Fallstange aus pulverbeschichtetem Aluminium auf die gew\u00fcnschte H\u00f6he.<\/p>\n<p class=\"h4\"><strong>Sicher gef\u00fchrt<\/strong><\/p>\n<p class=\"margin-bottom\"><strong>Die seitliche Schienenf\u00fchrung<\/strong> aus pulverbeschichteten Aluminiumprofilen verleiht der F100 einen leichten visuellen Rahmen und sorgt auch bei leichter Brise f\u00fcr eine sichere Tuchf\u00fchrung.<\/p>\n<p class=\"h4\"><strong>F100 Merkmale<\/strong><\/p>\n<ul class=\"styled-list margin-bottom\">\n<li>Max. Tuchfl\u00e4che 15 m2<\/li>\n<li>Max. Breite 6 m<\/li>\n<li>Seil- oder Schienenf\u00fchrung<\/li>\n<li>Kleiner, einteiliger Markisenkasten<\/li>\n<li>Bespannung aus Starscreen<\/li>\n<\/ul>\n<p class=\"h4\"><strong>F100 Optionen<\/strong><\/p>\n<ul class=\"styled-list margin-bottom\">\n<li>Markisengestell in Wunschfarbe<\/li>\n<li>Manuelle Bedienung durch Kurbelantrieb<\/li>\n<li>Funkmotor-Bedienung per<br \/>\nHandsender<\/li>\n<\/ul>\n","protected":false},"excerpt":{"rendered":"<h3>Zierlich, aber stark: <span>Sonnenschutz f\u00fcr breite Fronten<\/span><\/h3>\n<p><strong>Die schlanke Senkrechtmarkise F100<\/strong> eignet sich sowohl als klassische Fenstermarkise als auch als Erweiterung der Terrassendach-Beschattung. Mit ihrem zur\u00fcckhaltenden Design f\u00fcgt sie sich stilvoll in jedes Ambiente. Auf der Terrasse f\u00e4ngt sie am Abend tiefstehende Sonne ab, in Innenr\u00e4umen sorgt sie auch im Hochsommer f\u00fcr angenehme Temperaturen.<\/p>\n","protected":false},"featured_media":6507,"comment_status":"closed","ping_status":"closed","template":"","meta":{"_acf_changed":false},"product_brand":[],"product_cat":[310,297],"product_tag":[],"class_list":{"0":"post-6504","1":"product","2":"type-product","3":"status-publish","4":"has-post-thumbnail","6":"product_cat-fenstermarkisen","7":"product_cat-markisen","9":"first","10":"instock","11":"shipping-taxable","12":"purchasable","13":"product-type-simple"},"acf":[],"_links":{"self":[{"href":"\/shop\/wp-json\/wp\/v2\/product\/6504","targetHints":{"allow":["GET"]}}],"collection":[{"href":"\/shop\/wp-json\/wp\/v2\/product"}],"about":[{"href":"\/shop\/wp-json\/wp\/v2\/types\/product"}],"replies":[{"embeddable":true,"href":"\/shop\/wp-json\/wp\/v2\/comments?post=6504"}],"wp:featuredmedia":[{"embeddable":true,"href":"\/shop\/wp-json\/wp\/v2\/media\/6507"}],"wp:attachment":[{"href":"\/shop\/wp-json\/wp\/v2\/media?parent=6504"}],"wp:term":[{"taxonomy":"product_brand","embeddable":true,"href":"\/shop\/wp-json\/wp\/v2\/product_brand?post=6504"},{"taxonomy":"product_cat","embeddable":true,"href":"\/shop\/wp-json\/wp\/v2\/product_cat?post=6504"},{"taxonomy":"product_tag","embeddable":true,"href":"\/shop\/wp-json\/wp\/v2\/product_tag?post=6504"}],"curies":[{"name":"wp","href":"https:\/\/api.w.org\/{rel}","templated":true}]}}