{"id":6515,"date":"2025-09-18T15:20:54","date_gmt":"2025-09-18T13:20:54","guid":{"rendered":"https:\/\/www.sonnenschutz-lang.com\/shop\/?post_type=product&#038;p=6515"},"modified":"2025-09-22T10:37:27","modified_gmt":"2025-09-22T08:37:27","slug":"varisol-f413-senkrechtmarkise-mit-zip","status":"publish","type":"product","link":"\/shop\/produkt\/varisol-f413-senkrechtmarkise-mit-zip\/","title":{"rendered":"Varisol F413 Senkrechtmarkise mit Zip"},"content":{"rendered":"<p><strong>F413 Merkmale<\/strong><\/p>\n<ul class=\"styled-list margin-bottom\">\n<li>Max. Tuchfl\u00e4che 15 m\u00b2<\/li>\n<li>Max. Breite 5 m<\/li>\n<li>Zip-Rei\u00dfverschlusssystem f\u00fcr l\u00fcckenlose Beschattung<\/li>\n<li>Schienenf\u00fchrung<\/li>\n<li>Bespannung aus Starscreen, Acryl, Polyester, Glasfaser oder Soltis86-Screen<\/li>\n<\/ul>\n<p class=\"h4\"><strong>F413 Optionen<\/strong><\/p>\n<ul class=\"styled-list margin-bottom\">\n<li>Markisengestell in Wunschfarbe<\/li>\n<li>Manuelle Bedienung durch Kurbelantrieb<\/li>\n<li>Funkmotor-Bedienung per Handsender<\/li>\n<li>Bespannung aus Starscreen, Acryl, Polyester, Glasfaser, Soltis86-Screen oder Soltis Veozip<\/li>\n<\/ul>\n","protected":false},"excerpt":{"rendered":"<h3>Formvollendet geradlinig und vielseitig einsatzbereit<\/h3>\n<p><strong>Die Senkrechtmarkise F413 mit Zip<\/strong> sch\u00fctzt als klassische Senkrechtmarkise l\u00fcckenlos vor blendender Helligkeit und schafft beste Sicht auf Bildschirme. Mit \u00fcber 200 Dessins kreieren die T\u00fccher ganz individuelle Farbakzente und pr\u00e4gen die Lichtstimmung im Raum. Erg\u00e4nzend zu Terrassendachmarkisen sch\u00fctzen sie als textiler Wintergarten vor Wind oder Zugluft und sorgen f\u00fcr traumhafte Stunden auf der Terrasse.<\/p>\n","protected":false},"featured_media":6517,"comment_status":"closed","ping_status":"closed","template":"","meta":{"_acf_changed":false},"product_brand":[],"product_cat":[310,297],"product_tag":[],"class_list":{"0":"post-6515","1":"product","2":"type-product","3":"status-publish","4":"has-post-thumbnail","6":"product_cat-fenstermarkisen","7":"product_cat-markisen","9":"first","10":"instock","11":"shipping-taxable","12":"purchasable","13":"product-type-simple"},"acf":[],"_links":{"self":[{"href":"\/shop\/wp-json\/wp\/v2\/product\/6515","targetHints":{"allow":["GET"]}}],"collection":[{"href":"\/shop\/wp-json\/wp\/v2\/product"}],"about":[{"href":"\/shop\/wp-json\/wp\/v2\/types\/product"}],"replies":[{"embeddable":true,"href":"\/shop\/wp-json\/wp\/v2\/comments?post=6515"}],"wp:featuredmedia":[{"embeddable":true,"href":"\/shop\/wp-json\/wp\/v2\/media\/6517"}],"wp:attachment":[{"href":"\/shop\/wp-json\/wp\/v2\/media?parent=6515"}],"wp:term":[{"taxonomy":"product_brand","embeddable":true,"href":"\/shop\/wp-json\/wp\/v2\/product_brand?post=6515"},{"taxonomy":"product_cat","embeddable":true,"href":"\/shop\/wp-json\/wp\/v2\/product_cat?post=6515"},{"taxonomy":"product_tag","embeddable":true,"href":"\/shop\/wp-json\/wp\/v2\/product_tag?post=6515"}],"curies":[{"name":"wp","href":"https:\/\/api.w.org\/{rel}","templated":true}]}}